{"id":208,"date":"2020-04-24T05:56:02","date_gmt":"2020-04-24T05:56:02","guid":{"rendered":"https:\/\/benjaminlallement.nogafa.org\/?page_id=208"},"modified":"2022-06-17T09:06:58","modified_gmt":"2022-06-17T09:06:58","slug":"actualites","status":"publish","type":"page","link":"https:\/\/benjaminlallement.nogafa.org\/index.php\/actualites\/","title":{"rendered":"Actualit\u00e9s"},"content":{"rendered":"\n<p>&#8211; concerts le 17\/06 \u00e0 Malatray avec Tir Na Nog, le 19\/06 \u00e0 Corbel avec Piesnostrom et le 27\/06 \u00e0 l&rsquo;Usine \u00e0 Gen\u00e8ve avec High Sea Looters<\/p>\n\n\n\n<p>&#8211; atelier cr\u00e9ation de chansons les 4 et 5\/06 au <a href=\"https:\/\/www.facebook.com\/FirefestivalChambery\/\">Fire Festival<\/a><\/p>\n\n\n\n<p>Mars 2022 : une petite composition pour laquelle je devais m\u00e9langer du violon avec de l&rsquo;electro :<\/p>\n\n\n\n<figure class=\"wp-block-audio aligncenter\"><audio controls src=\"https:\/\/benjaminlallement.nogafa.org\/wp-content\/uploads\/2022\/03\/fantaisie-violon-electro-Benjamin-Lallement.mp3\"><\/audio><figcaption><em>fantaisie violon \u00e9lectro (musique de Benjamin Lallement)<\/em><\/figcaption><\/figure>\n\n\n\n<p>Quelques concerts avec les High Sea Looters :<\/p>\n\n\n\n<p>&#8211; le 25\/03 \u00e0 l&rsquo;Archimalt (Bassens 73)<\/p>\n\n\n\n<p>&#8211; le 26\/03 \u00e0 Avully (Gen\u00e8ve).<\/p>\n\n\n\n<p>F\u00e9vrier 2022 : ma derni\u00e8re composition : \u00ab\u00a0retour aux racines\u00a0\u00bb sur les jardins de l&rsquo;Adrey de Sylvain Rochex.<\/p>\n\n\n\n<figure class=\"wp-block-embed-youtube wp-block-embed is-type-video is-provider-youtube wp-embed-aspect-16-9 wp-has-aspect-ratio\"><div class=\"wp-block-embed__wrapper\">\n<iframe loading=\"lazy\" title=\"RACINES - UN AUTRE MONDE EST POSSIBLE - PERMACULTURE\" width=\"780\" height=\"439\" src=\"https:\/\/www.youtube.com\/embed\/r54hyrQSDQQ?feature=oembed\" frameborder=\"0\" allow=\"accelerometer; autoplay; clipboard-write; encrypted-media; gyroscope; picture-in-picture\" allowfullscreen><\/iframe>\n<\/div><\/figure>\n\n\n\n<p>Octobre 2021 : Une belle s\u00e9rie de concerts avec les <a href=\"https:\/\/benjaminlallement.nogafa.org\/index.php\/high-sea-looters\/\">High Sea Looters<\/a>, notamment en 1\u00e8re partie de <a href=\"https:\/\/therumjacks.com\/\">The Rumjacks<\/a> \u00e0 Gen\u00e8ve le 30\/10. <\/p>\n\n\n\n<p>Photo de Denis Charmot :<\/p>\n\n\n\n<figure class=\"wp-block-image size-large\"><img loading=\"lazy\" decoding=\"async\" width=\"668\" height=\"1024\" src=\"https:\/\/benjaminlallement.nogafa.org\/wp-content\/uploads\/2022\/02\/251467955_10220658379146410_1174871378252776635_n-5-668x1024.jpg\" alt=\"\" class=\"wp-image-584\" srcset=\"https:\/\/benjaminlallement.nogafa.org\/wp-content\/uploads\/2022\/02\/251467955_10220658379146410_1174871378252776635_n-5-668x1024.jpg 668w, https:\/\/benjaminlallement.nogafa.org\/wp-content\/uploads\/2022\/02\/251467955_10220658379146410_1174871378252776635_n-5-196x300.jpg 196w, https:\/\/benjaminlallement.nogafa.org\/wp-content\/uploads\/2022\/02\/251467955_10220658379146410_1174871378252776635_n-5-768x1178.jpg 768w, https:\/\/benjaminlallement.nogafa.org\/wp-content\/uploads\/2022\/02\/251467955_10220658379146410_1174871378252776635_n-5-1002x1536.jpg 1002w, https:\/\/benjaminlallement.nogafa.org\/wp-content\/uploads\/2022\/02\/251467955_10220658379146410_1174871378252776635_n-5.jpg 1040w\" sizes=\"(max-width: 668px) 100vw, 668px\" \/><\/figure>\n\n\n\n<p>Et\u00e9 2021 : quelques beaux concerts avec <a href=\"https:\/\/www.tir-na-nog.fr\/\">Tir Na Nog<\/a>, notamment au festival <a href=\"https:\/\/www.challonges-fetes.fr\/edition-2021\/\">Celtik&rsquo;a<\/a> \u00e0 Challonges (Haute-Savoie)<\/p>\n\n\n\n<figure class=\"wp-block-image size-large\"><img loading=\"lazy\" decoding=\"async\" width=\"960\" height=\"720\" src=\"https:\/\/benjaminlallement.nogafa.org\/wp-content\/uploads\/2022\/02\/224871749_2245411625590090_5647543553142293508_n-3.jpg\" alt=\"\" class=\"wp-image-586\" srcset=\"https:\/\/benjaminlallement.nogafa.org\/wp-content\/uploads\/2022\/02\/224871749_2245411625590090_5647543553142293508_n-3.jpg 960w, https:\/\/benjaminlallement.nogafa.org\/wp-content\/uploads\/2022\/02\/224871749_2245411625590090_5647543553142293508_n-3-300x225.jpg 300w, https:\/\/benjaminlallement.nogafa.org\/wp-content\/uploads\/2022\/02\/224871749_2245411625590090_5647543553142293508_n-3-768x576.jpg 768w\" sizes=\"(max-width: 960px) 100vw, 960px\" \/><\/figure>\n\n\n\n<p>Novembre 2020 : Concert le 30\/11 pour l&rsquo;association <a href=\"https:\/\/www.zicomatic.net\/\">Zicomatic<\/a> pour le festival <a href=\"https:\/\/www.zicomatic.net\/festival-en-sc%C3%A8ne-pour-zicomatic\">En Sc\u00e8ne<\/a> dans le bus de <a href=\"https:\/\/www.facebook.com\/TicketToJam\">Ticket to Jam<\/a> : \u00e0 regarder <a href=\"https:\/\/www.facebook.com\/257382131628029\/videos\/840998276712913\">en cliquant ici<\/a>, avec comme special guest Mahjoub&rsquo; Jama\u00ef.<\/p>\n\n\n\n<figure class=\"wp-block-image size-large\"><img loading=\"lazy\" decoding=\"async\" width=\"960\" height=\"540\" src=\"https:\/\/benjaminlallement.nogafa.org\/wp-content\/uploads\/2020\/12\/Zicomatic-en-scene-Ticket.jpg\" alt=\"\" class=\"wp-image-563\" srcset=\"https:\/\/benjaminlallement.nogafa.org\/wp-content\/uploads\/2020\/12\/Zicomatic-en-scene-Ticket.jpg 960w, https:\/\/benjaminlallement.nogafa.org\/wp-content\/uploads\/2020\/12\/Zicomatic-en-scene-Ticket-300x169.jpg 300w, https:\/\/benjaminlallement.nogafa.org\/wp-content\/uploads\/2020\/12\/Zicomatic-en-scene-Ticket-768x432.jpg 768w, https:\/\/benjaminlallement.nogafa.org\/wp-content\/uploads\/2020\/12\/Zicomatic-en-scene-Ticket-350x197.jpg 350w, https:\/\/benjaminlallement.nogafa.org\/wp-content\/uploads\/2020\/12\/Zicomatic-en-scene-Ticket-860x484.jpg 860w\" sizes=\"(max-width: 960px) 100vw, 960px\" \/><figcaption><a href=\"https:\/\/www.facebook.com\/257382131628029\/videos\/840998276712913\">https:\/\/www.facebook.com\/257382131628029\/videos\/840998276712913<\/a><\/figcaption><\/figure>\n\n\n\n<p>Les concerts de d\u00e9cembre sont malheureusement annul\u00e9s, je vous tiendrais au courant pour janvier, \u00e0 suivre&#8230;<\/p>\n\n\n\n<p>Septembre 2020 : concert de <a href=\"https:\/\/www.tir-na-nog.fr\/\">Tir Na Nog<\/a> au ch\u00e2teau des comtes de Challes le 06\/09 COMPLET avec une grosse liste d&rsquo;attente (jauge restreinte covid), nous sommes donc <strong>reprogramm\u00e9<\/strong> pour qu&rsquo;il n&rsquo;y ait pas trop de frustr\u00e9-e-s <strong>le 13\/12<\/strong>, \u00e0 vos agendas !<\/p>\n\n\n\n<p>Ao\u00fbt 2020 : Le concert de <a href=\"https:\/\/www.tir-na-nog.fr\/\">Tir Na Nog<\/a> au ch\u00e2teau des comtes de Challes le 06\/09 semble se maintenir, les affiches sont d\u00e9j\u00e0 en place c&rsquo;est bon signe \ud83d\ude42 <strong>Pensez \u00e0 r\u00e9server, c&rsquo;est complet chaque ann\u00e9e !<\/strong><\/p>\n\n\n\n<p><strong>Neotopia a enti\u00e8rement revisit\u00e9 son set en acoustique<\/strong>, s&rsquo;adaptant ainsi aux nouvelles conditions de jeu vu le contexte sanitaire, la musique n&rsquo;en a pas p\u00e2ti, bien au contraire ! Claire a l\u00e2ch\u00e9 la basse pour la clarinette et Mahj&rsquo; nous a concoct\u00e9 un set de percus bien sympathique, on a h\u00e2te de vous faire \u00e9couter tout \u00e7a !<\/p>\n\n\n\n<div class=\"wp-block-image\"><figure class=\"aligncenter size-large\"><img loading=\"lazy\" decoding=\"async\" width=\"1024\" height=\"724\" src=\"https:\/\/benjaminlallement.nogafa.org\/wp-content\/uploads\/2020\/09\/Neotopia-Lucie002-1024x724.jpg\" alt=\"\" class=\"wp-image-433\" srcset=\"https:\/\/benjaminlallement.nogafa.org\/wp-content\/uploads\/2020\/09\/Neotopia-Lucie002-1024x724.jpg 1024w, https:\/\/benjaminlallement.nogafa.org\/wp-content\/uploads\/2020\/09\/Neotopia-Lucie002-300x212.jpg 300w, https:\/\/benjaminlallement.nogafa.org\/wp-content\/uploads\/2020\/09\/Neotopia-Lucie002-768x543.jpg 768w, https:\/\/benjaminlallement.nogafa.org\/wp-content\/uploads\/2020\/09\/Neotopia-Lucie002-1536x1086.jpg 1536w, https:\/\/benjaminlallement.nogafa.org\/wp-content\/uploads\/2020\/09\/Neotopia-Lucie002-2048x1448.jpg 2048w\" sizes=\"(max-width: 1024px) 100vw, 1024px\" \/><\/figure><\/div>\n\n\n\n<p class=\"has-text-align-center\"><em>Dessin de ma fille Lucie (7 ans et demi)<\/em><\/p>\n\n\n\n<p>Juillet 2020 : un petit concert en solo (et acoustique) au <a href=\"https:\/\/refuge-coldupalet.vanoise.com\/explorer\/quest-ce-quon-fait\">refuge du Palet<\/a> samedi 25\/07, qui est partant pour un rando\/refuge\/concert en Vanoise ?<\/p>\n\n\n\n<div class=\"wp-block-image\"><figure class=\"aligncenter size-large\"><img loading=\"lazy\" decoding=\"async\" width=\"683\" height=\"1024\" src=\"https:\/\/benjaminlallement.nogafa.org\/wp-content\/uploads\/2020\/09\/benjmontagnebd-1-683x1024.jpg\" alt=\"\" class=\"wp-image-502\" srcset=\"https:\/\/benjaminlallement.nogafa.org\/wp-content\/uploads\/2020\/09\/benjmontagnebd-1-683x1024.jpg 683w, https:\/\/benjaminlallement.nogafa.org\/wp-content\/uploads\/2020\/09\/benjmontagnebd-1-200x300.jpg 200w, https:\/\/benjaminlallement.nogafa.org\/wp-content\/uploads\/2020\/09\/benjmontagnebd-1-768x1152.jpg 768w, https:\/\/benjaminlallement.nogafa.org\/wp-content\/uploads\/2020\/09\/benjmontagnebd-1-1024x1536.jpg 1024w, https:\/\/benjaminlallement.nogafa.org\/wp-content\/uploads\/2020\/09\/benjmontagnebd-1-1365x2048.jpg 1365w, https:\/\/benjaminlallement.nogafa.org\/wp-content\/uploads\/2020\/09\/benjmontagnebd-1-scaled.jpg 1707w\" sizes=\"(max-width: 683px) 100vw, 683px\" \/><\/figure><\/div>\n\n\n\n<p><\/p>\n\n\n\n<p>Juin 2020 :<\/p>\n\n\n\n<p>J&rsquo;ai refait un livestream le 28\/06 sur facebook intitul\u00e9 \u00ab\u00a0brunch musical et \u00e9lectoral\u00a0\u00bb, j&rsquo;y ai jou\u00e9 quelques chansons \u00e0 texte, visible sur facebook en cliquant <a href=\"https:\/\/www.facebook.com\/benjaminlallementmusic\/videos\/1243755065999082\/\">ici<\/a>, le replay sur youtube est visible sur <a href=\"https:\/\/benjaminlallement.nogafa.org\/index.php\/livestreams\/\">ma page livestreams<\/a>.<\/p>\n\n\n\n<p>J&rsquo;ai fait un livestream sur facebook pour la f\u00eate de la musique (21\/06) o\u00f9 j&rsquo;ai jou\u00e9 mes derni\u00e8res fantaisies et esquisses, il est visible en cliquant <a href=\"https:\/\/www.facebook.com\/100010938017026\/videos\/1238287273212528\/\">ici<\/a>, et maintenant le replay est aussi visible sur youtube, en meilleure qualit\u00e9 car pas limit\u00e9 par le d\u00e9bit du direct en cliquant <a href=\"https:\/\/youtu.be\/ZTlIIyFC8FU\">ici<\/a>.<\/p>\n\n\n\n<p>Pas encore de \u00ab\u00a0vrai\u00a0\u00bb concert de pr\u00e9vu (pas avant le 29\/08), mais les r\u00e9p\u00e8ts red\u00e9marrent tranquillement (\u00e7a fait du bien de rejouer ensemble !).<\/p>\n\n\n\n<p>Mai 2020 :<\/p>\n\n\n\n<p><a href=\"https:\/\/mrmondialisation.org\/\">Mr Mondialisation<\/a> a r\u00e9cemment partag\u00e9 un des clips de <a href=\"https:\/\/www.neotopia-musique.fr\/\">Neotopia<\/a>, musique que j&rsquo;ai compos\u00e9e sur un texte de <a href=\"https:\/\/laneigesurhambourg.noblogs.org\/\">Lo\u00efc Schneider<\/a> qui parle de sa lutte \u00e0 Bure (contre l&rsquo;enfouissement des d\u00e9chets nucl\u00e9aires, projet qui \u00e9tait fait tr\u00e8s discr\u00e8tement avant que des militants comme lui le d\u00e9nonce) : \u00e0 voir sur facebook en cliquant <a href=\"https:\/\/www.facebook.com\/M.Mondialisation\/videos\/480125965982067\/?t=0\">ici<\/a>, ou ci-dessous :<\/p>\n\n\n\n<figure class=\"wp-block-embed-youtube wp-block-embed is-type-video is-provider-youtube wp-embed-aspect-16-9 wp-has-aspect-ratio\"><div class=\"wp-block-embed__wrapper\">\n<iframe loading=\"lazy\" title=\"Neotopia - Le jugement\" width=\"780\" height=\"439\" src=\"https:\/\/www.youtube.com\/embed\/2aa--9FcP9g?feature=oembed\" frameborder=\"0\" allow=\"accelerometer; autoplay; clipboard-write; encrypted-media; gyroscope; picture-in-picture\" allowfullscreen><\/iframe>\n<\/div><\/figure>\n\n\n\n<p>J&rsquo;ai pr\u00e9vu de refaire un live facebook pour la f\u00eate de la musique, le 21\/06\/2020 \u00e0 11h (l&rsquo;heure du brunch). Il sera visible sur mon facebook : <a href=\"https:\/\/www.facebook.com\/benjaminlallementmusic\">benjaminlallementmusic<\/a><\/p>\n\n\n\n<p><\/p>\n\n\n\n<p>Avril 2020 : <\/p>\n\n\n\n<p>J&rsquo;ai fait mon 1er live facebook le 21\/04\/2020 pour l&rsquo;<a href=\"https:\/\/www.facebook.com\/Association-zicomatic-en-savoie-128741393848759\/\">association Zicomatic<\/a>, vous pouvez le regarder en cliquant <a href=\"https:\/\/www.facebook.com\/watch\/live\/?v=700864890725783&amp;ref=watch_permalink\">ici<\/a>.<\/p>\n\n\n\n<p>Les concerts sont tous annul\u00e9s pour cause de confinement, je ne sais pas du tout quand je pourrais \u00e0 nouveau vous annoncer des concerts. Quant \u00e0 mes enregistrements, \u00e9tant confin\u00e9 avec ma femme et ma fille, c&rsquo;est tr\u00e8s compliqu\u00e9 aussi d&rsquo;avancer pour l&rsquo;instant.<\/p>\n\n\n\n<p>Par contre, je suis en train de pr\u00e9parer des concerts live en ligne, derni\u00e8re possibilit\u00e9 pour faire des concerts en ce moment. Je pense que mes <a href=\"https:\/\/benjaminlallement.nogafa.org\/index.php\/esquisses-musicales\/\">esquisses musicales<\/a> se pr\u00eatent particuli\u00e8rement \u00e0 du live online, j&rsquo;ai h\u00e2te d&rsquo;exp\u00e9rimenter \u00e7a&#8230;<\/p>\n\n\n\n<p><\/p>\n","protected":false},"excerpt":{"rendered":"<p>&#8211; concerts le 17\/06 \u00e0 Malatray avec Tir Na Nog, le 19\/06 \u00e0 Corbel avec Piesnostrom et le 27\/06 \u00e0 l&rsquo;Usine \u00e0 Gen\u00e8ve avec High Sea Looters &#8211; atelier cr\u00e9ation de chansons les 4 et 5\/06 au Fire Festival Mars 2022 : une petite composition pour laquelle je devais m\u00e9langer du violon avec de l&rsquo;electro <a class=\"more-link\" href=\"https:\/\/benjaminlallement.nogafa.org\/index.php\/actualites\/\">Lire plus &#8230;<\/a><\/p>\n","protected":false},"author":1,"featured_media":0,"parent":0,"menu_order":0,"comment_status":"closed","ping_status":"closed","template":"","meta":{"footnotes":""},"_links":{"self":[{"href":"https:\/\/benjaminlallement.nogafa.org\/index.php\/wp-json\/wp\/v2\/pages\/208"}],"collection":[{"href":"https:\/\/benjaminlallement.nogafa.org\/index.php\/wp-json\/wp\/v2\/pages"}],"about":[{"href":"https:\/\/benjaminlallement.nogafa.org\/index.php\/wp-json\/wp\/v2\/types\/page"}],"author":[{"embeddable":true,"href":"https:\/\/benjaminlallement.nogafa.org\/index.php\/wp-json\/wp\/v2\/users\/1"}],"replies":[{"embeddable":true,"href":"https:\/\/benjaminlallement.nogafa.org\/index.php\/wp-json\/wp\/v2\/comments?post=208"}],"version-history":[{"count":32,"href":"https:\/\/benjaminlallement.nogafa.org\/index.php\/wp-json\/wp\/v2\/pages\/208\/revisions"}],"predecessor-version":[{"id":606,"href":"https:\/\/benjaminlallement.nogafa.org\/index.php\/wp-json\/wp\/v2\/pages\/208\/revisions\/606"}],"wp:attachment":[{"href":"https:\/\/benjaminlallement.nogafa.org\/index.php\/wp-json\/wp\/v2\/media?parent=208"}],"curies":[{"name":"wp","href":"https:\/\/api.w.org\/{rel}","templated":true}]}}